{"id":50,"name":"zapytanie-ofertowe-nr-32023","title":"Zapytanie ofertowe nr 3\/2023","desc":"","header":"Zapytanie ofertowe nr 3\/2023","lead":"Przedmiotem zam\u00f3wienia jest odbi\u00f3r i zagospodarowanie odpad\u00f3w komunalnych.","keywords":"","changes":"poprawiono liter\u00f3wki","menu":"","path":"\/zapytania-ofertowe\/zapytanie-ofertowe-nr-32023.html","url":"\/zapytania-ofertowe\/zapytanie-ofertowe-nr-32023.html","infoOwner":"Centrum Kszta\u0142cenia Zawodowego i Ustawicznego Wojew\u00f3dztwa \u015al\u0105skiego w Zabrzu","dateFirstPublicate":"2023-12-04 14:05:25","dateLastVersionPublicate":"2023-12-19 14:38:42","dateAvailableFrom":"","dateAvailableTo":"","type":"jednostki_Zwyk\u0142a","pageParams":[],"components":[{"id":"93bb94fe-7312-11e9-90c1-000c290e6fc2","type":"SectionDescription","name":"","description":"Zajawka sekcji","content":[]},{"id":"93bbe8e3-7312-11e9-90c1-000c290e6fc2","type":"PageTitle","name":"Tytu\u0142 strony","description":"Tytu\u0142 strony","content":{"title":"Zapytanie ofertowe nr 3\/2023"}},{"id":"93bc435c-7312-11e9-90c1-000c290e6fc2","type":"PageDescription","name":"","description":"Zajawka strony","content":{"desc":"Przedmiotem zam\u00f3wienia jest odbi\u00f3r i zagospodarowanie odpad\u00f3w komunalnych."}},{"id":"93bcef8e-7312-11e9-90c1-000c290e6fc2","type":"ContentWYSIWYG","name":"Tre\u015b\u0107","description":"Tre\u015b\u0107 strony","content":{"content":"\u003Cdiv class=\u0022panel-group\u0022 id=\u0022accordion1701694626280\u0022 role=\u0022tablist\u0022 aria-multiselectable=\u0022true\u0022\u003E\n\u003Cdiv class=\u0022accordion panel panel-default\u0022\u003E\n\u003Cdiv class=\u0022accordion-item panel-heading mceNonEditable productAccordion\u0022 role=\u0022tab\u0022 id=\u0022heading1701694626280\u0022\u003E\n\u003Ch4 class=\u0022accordion-header panel-title\u0022\u003E\u003Ca role=\u0022button\u0022 data-toggle=\u0022collapse\u0022 data-bs-toggle=\u0022collapse\u0022 class=\u0022accordion-button mceEditable collapsed\u0022 data-parent=\u0022#accordion1701694626280\u0022 href=\u0022#collapse1701694626280\u0022 aria-expanded=\u0022true\u0022 aria-controls=\u0022collapse1701694626280\u0022\u003E04-12-2023r | \u003Cstrong\u003ETre\u015b\u0107 og\u0142oszenia\u003C\/strong\u003E\u003C\/a\u003E\u003C\/h4\u003E\n\u003Cdiv id=\u0022collapse1701694626280\u0022 class=\u0022accordion-collapse panel-collapse collapse mceNonEditable\u0022 role=\u0022tabpanel\u0022 aria-labelledby=\u0022heading1701694626280\u0022\u003E\n\u003Cdiv class=\u0022accordion-body panel-body mceEditable\u0022\u003E\n\u003Cp\u003E\u003Cstrong\u003EZAPYTANIE OFERTOWE nr 3\/2023\u003C\/strong\u003E\u003C\/p\u003E\n\u003Col\u003E\n\u003Cli\u003E\u003Cstrong\u003E \u003C\/strong\u003E\u003Cstrong\u003EZAMAWIAJ\u0104CY\u003C\/strong\u003E\u003C\/li\u003E\n\u003C\/ol\u003E\n\u003Cp\u003ECentrum Kszta\u0142cenia Zawodowego i Ustawicznego Wojew\u00f3dztwa \u015al\u0105skiego w Zabrzu\u003C\/p\u003E\n\u003Cp\u003EUl. 3 Maja 63\u003C\/p\u003E\n\u003Cp\u003E41-800 Zabrze\u003C\/p\u003E\n\u003Col\u003E\n\u003Cli\u003E\u003Cstrong\u003E \u003C\/strong\u003E\u003Cstrong\u003ETRYB UDZIELENIA ZAM\u00d3WIENIA I RODZAJ ZAM\u00d3WIENIA\u003C\/strong\u003E\u003C\/li\u003E\n\u003C\/ol\u003E\n\u003Cp\u003ETryb udzielenia zam\u00f3wienia: Zapytanie ofertowe \u2013 post\u0119powanie o warto\u015bci poni\u017cej 130.000.00 z\u0142 netto.\u003C\/p\u003E\n\u003Cp\u003ERodzaj zam\u00f3wienia: Odbi\u00f3r i zagospodarowanie odpad\u00f3w komunalnych\u003C\/p\u003E\n\u003Cul\u003E\n\u003Cli\u003E\u003Cstrong\u003E \u003C\/strong\u003E\u003Cstrong\u003EOPIS PRZEDMIOTU ZAM\u00d3WIENIA\u003C\/strong\u003E\u003C\/li\u003E\n\u003C\/ul\u003E\n\u003Cp\u003EPrzedmiotem zam\u00f3wienia jest odbi\u00f3r oraz zagospodarowanie odpad\u00f3w komunalnych:\u003C\/p\u003E\n\u003Cul\u003E\n\u003Cli\u003E\u003Cstrong\u003EPapier \u003C\/strong\u003E(wielko\u015b\u0107 pojemnika 1100L) cz\u0119stotliwo\u015b\u0107 wywozu co 4 tygodnie\u003C\/li\u003E\n\u003Cli\u003E\u003Cstrong\u003EBioodpady \u003C\/strong\u003E(wielko\u015b\u0107 pojemnika 1100L) cz\u0119stotliwo\u015b\u0107 wywozu co 2 tygodnie\u003C\/li\u003E\n\u003Cli\u003E\u003Cstrong\u003ESzk\u0142o \u003C\/strong\u003E(wielko\u015b\u0107 pojemnika \u2013 worek 120L) cz\u0119stotliwo\u015b\u0107 wywozu 1 raz w m-c\u003C\/li\u003E\n\u003Cli\u003E\u003Cstrong\u003EMetale, tworzywa sztuczne i odpady opakowaniowe wielomateria\u0142owe \u003C\/strong\u003E(wielko\u015b\u0107 pojemnika 240L) cz\u0119stotliwo\u015b\u0107 wywozu co 2 tygodnie\u003C\/li\u003E\n\u003Cli\u003E\u003Cstrong\u003EZmieszane odpady komunalne \u003C\/strong\u003E(wielko\u015b\u0107 pojemnika 1100L) cz\u0119stotliwo\u015b\u0107 wywozu co 1 tydzie\u0144\u003C\/li\u003E\n\u003C\/ul\u003E\n\u003Cp\u003E\u003Cstrong\u003E\u00a0\u003C\/strong\u003E\u003C\/p\u003E\n\u003Col\u003E\n\u003Cli\u003E\u003Cstrong\u003E \u003C\/strong\u003E\u003Cstrong\u003ETERMIN WYKONANIA ZAM\u00d3WIENIA\u003C\/strong\u003E\u003C\/li\u003E\n\u003C\/ol\u003E\n\u003Cp\u003ETermin wykonania przedmiotu zam\u00f3wienia: 01.01.2024 do 31.12.2026r.\u003C\/p\u003E\n\u003Cp\u003EUmowa od 01.01.2024\u003C\/p\u003E\n\u003Cp\u003ENa odpady w kategorii:\u003C\/p\u003E\n\u003Cul\u003E\n\u003Cli\u003EPapier (wielko\u015b\u0107 pojemnika 1100L) cz\u0119stotliwo\u015b\u0107 wywozu co 4 tygodnie\u003C\/li\u003E\n\u003Cli\u003EMetale, tworzywa sztuczne (wielko\u015b\u0107 pojemnika 240L) cz\u0119stotliwo\u015b\u0107 wywozu co 2 tygodnie\u003C\/li\u003E\n\u003Cli\u003EZmieszane odpady komunalne (wielko\u015b\u0107 pojemnika 1100L) cz\u0119stotliwo\u015b\u0107 wywozu co 1 tydzie\u0144\u003C\/li\u003E\n\u003C\/ul\u003E\n\u003Cp\u003ERozszerzenie oferty w p\u00f3\u017aniejszych miesi\u0105cach o\u00a0 frakcj\u0119 bioodpady i szk\u0142o w zale\u017cno\u015bci od potrzeby.\u003C\/p\u003E\n\u003Col\u003E\n\u003Cli\u003E\u003Cstrong\u003E \u003C\/strong\u003E\u003Cstrong\u003EMIEJSCE ORAZ TERMIN SK\u0141ADANIA OFERT\u003C\/strong\u003E\u003C\/li\u003E\n\u003Cli\u003EOfert\u0119 nale\u017cy z\u0142o\u017cy\u0107 w siedzibie CKZiUW\u015aL w Zabrzu, ul. 3 Maja 63, 41-800 Zabrze w terminie nie przekraczaj\u0105cym 15.12.2023r do godziny 14.00.\u003C\/li\u003E\n\u003Cli\u003EOcena ofert zostanie dokonana w dniu 18.12.2023r. do godziny 11.00, a wyniki i wyb\u00f3r najkorzystniejszej oferty zostanie og\u0142oszony na stronie internetowej szko\u0142y.\u003C\/li\u003E\n\u003Cli\u003EOferta z\u0142o\u017cona po terminie 15.12.2023r nie b\u0119d\u0105 rozpatrywane.\u003C\/li\u003E\n\u003C\/ol\u003E\n\u003Cp\u003E\u00a0\u003C\/p\u003E\n\u003Col\u003E\n\u003Cli\u003E\u003Cstrong\u003E \u003C\/strong\u003E\u003Cstrong\u003EOCENA OFERT\u003C\/strong\u003E\u003C\/li\u003E\n\u003C\/ol\u003E\n\u003Cp\u003EKryteriami wyboru najkorzystniejszej oferty b\u0119dzie:\u003C\/p\u003E\n\u003Cp\u003E- cena\u003C\/p\u003E\n\u003Cp\u003E\u003Cstrong\u003EVII. DODATKOWE INFORMACJE\u003C\/strong\u003E\u003C\/p\u003E\n\u003Col\u003E\n\u003Cli\u003ECentrum Kszta\u0142cenia Zawodowego i Ustawicznego Wojew\u00f3dztwa \u015al\u0105skiego w Zabrzu o\u015bwiadcza, \u017ce zapytanie ofertowe nie stanowi oferty w rozumieniu ustawy Kodeksu Cywilnego i z\u0142o\u017cenie w jego konsekwencji oferty nie jest r\u00f3wnorz\u0119dne z udzieleniem zam\u00f3wienia przez zamawiaj\u0105cego i nie stanowi podstawy do roszczenia praw ze strony wykonawcy do zawarcia umowy.\u003C\/li\u003E\n\u003Cli\u003EW przypadku z\u0142o\u017cenia mniej ni\u017c 2 ofert, Zamawiaj\u0105cy zastrzega sobie mo\u017cliwo\u015b\u0107 zawarcia umowy z Wykonawc\u0105, kt\u00f3ry z\u0142o\u017cy\u0142 wa\u017cn\u0105 ofert\u0119.\u003C\/li\u003E\n\u003C\/ol\u003E\n\u003C\/div\u003E\n\u003C\/div\u003E\n\u003C\/div\u003E\n\u003C\/div\u003E\n\u003Cdiv class=\u0022accordion panel panel-default\u0022\u003E\n\u003Cdiv class=\u0022accordion-item panel-heading mceNonEditable productAccordion\u0022 role=\u0022tab\u0022 id=\u0022heading1701694626281\u0022\u003E\n\u003Ch4 class=\u0022accordion-header panel-title\u0022\u003E\u003Ca role=\u0022button\u0022 data-toggle=\u0022collapse\u0022 data-bs-toggle=\u0022collapse\u0022 class=\u0022accordion-button mceEditable collapsed\u0022 data-parent=\u0022#accordion1701694626280\u0022 href=\u0022#collapse1701694626281\u0022 aria-expanded=\u0022true\u0022 aria-controls=\u0022collapse1701694626281\u0022\u003E19-12-2023r |\u00a0\u003Cstrong\u003EInformacja o wynikach\u003C\/strong\u003E\u003C\/a\u003E\u003C\/h4\u003E\n\u003Cdiv id=\u0022collapse1701694626281\u0022 class=\u0022accordion-collapse panel-collapse collapse mceNonEditable\u0022 role=\u0022tabpanel\u0022 aria-labelledby=\u0022heading1701694626281\u0022\u003E\n\u003Cdiv class=\u0022accordion-body panel-body mceEditable\u0022\u003E\n\u003Cp\u003EZ\u0142o\u017cono jedn\u0105 ofert\u0119.\u003C\/p\u003E\n\u003Cp\u003EWybrano:\u003C\/p\u003E\n\u003Cul\u003E\n\u003Cli\u003EFCC Polska Sp. z o.o.\u003Cbr \/\u003EZabrze\u003C\/li\u003E\n\u003C\/ul\u003E\n\u003C\/div\u003E\n\u003C\/div\u003E\n\u003C\/div\u003E\n\u003C\/div\u003E\n\u003C\/div\u003E","promotion":false}},{"id":"93bd42ce-7312-11e9-90c1-000c290e6fc2","type":"Gallery","name":"Galeria","description":"Galeria"},{"id":"93bd956b-7312-11e9-90c1-000c290e6fc2","type":"Attachment","name":"Za\u0142\u0105czniki","description":"Za\u0142\u0105czniki do strony","content":[{"src":"\/resource\/65\/Xerox+Scan_04122023102029.pdf","extension":"PDF","name":"f65bc58f00b145382f06adaa45b32025.pdf","size":"251.45 KB"},{"src":"\/resource\/65\/Za%25C5%2582%25C4%2585cznik+nr+3+Formularz+ofertowy+FCC.docx","extension":"DOCX","name":"d9f11cb916561e9a0178afc6315790c2.docx","size":"14.73 KB"}]},{"id":"d63e71ef-92cf-11f0-b976-00505697ccff","type":"PageThumbnail","name":"","description":"Miniaturka strony","content":[]}]}