{"id":18,"name":"sposob-przyjmowania-i-zalatwiania-spraw","title":"Spos\u00f3b przyjmowania i za\u0142atwiania spraw","desc":"","header":"Spos\u00f3b przyjmowania i za\u0142atwiania spraw","lead":"","keywords":"","changes":"Zmiana numeru konta bankowego.","menu":"Spos\u00f3b przyjmowania i za\u0142atwiania spraw","path":"\/sposob-przyjmowania-i-zalatwiania-spraw.html","url":"\/sposob-przyjmowania-i-zalatwiania-spraw.html","infoOwner":"Centrum Kszta\u0142cenia Zawodowego i Ustawicznego Wojew\u00f3dztwa \u015al\u0105skiego w Zabrzu","dateFirstPublicate":"2021-08-12 13:39:26","dateLastVersionPublicate":"2026-03-06 11:03:31","dateAvailableFrom":"2021-08-12 13:39:03","dateAvailableTo":"","type":"jednostki_Zwyk\u0142a","pageParams":[],"components":[{"id":"93bb94fe-7312-11e9-90c1-000c290e6fc2","type":"SectionDescription","name":"","description":"Zajawka sekcji","content":[]},{"id":"93bbe8e3-7312-11e9-90c1-000c290e6fc2","type":"PageTitle","name":"Tytu\u0142 strony","description":"Tytu\u0142 strony","content":{"title":"Spos\u00f3b przyjmowania i za\u0142atwiania spraw"}},{"id":"93bc435c-7312-11e9-90c1-000c290e6fc2","type":"PageDescription","name":"","description":"Zajawka strony","content":[]},{"id":"93bcef8e-7312-11e9-90c1-000c290e6fc2","type":"ContentWYSIWYG","name":"Tre\u015b\u0107","description":"Tre\u015b\u0107 strony","content":{"content":"\u003Cdiv style=\u0022margin-bottom: 10px;\u0022\u003E\u003Cstrong\u003ESekretariat Centrum Kszta\u0142cenia Zawodowego i Ustawicznego Wojew\u00f3dztwa \u015al\u0105skiego w Zabrzu jest czynny:\u003C\/strong\u003E\u003Cbr \/\u003Eod poniedzia\u0142ku do pi\u0105tku, w godzinach od 8\u003Csup\u003E00\u003C\/sup\u003E do 15\u003Csup\u003E00\u003C\/sup\u003E.\u003C\/div\u003E\n\u003Cul style=\u0022margin-top: 4px;\u0022\u003E\n\u003Cli style=\u0022margin-bottom: 3px;\u0022\u003Etel. +48 32 271 08 45\u003C\/li\u003E\n\u003Cli style=\u0022margin-bottom: 3px;\u0022\u003Etel. kom. +48 575 916 928\u003C\/li\u003E\n\u003Cli style=\u0022margin-bottom: 3px;\u0022\u003Ee-mail \u003Ca href=\u0022mailto:sekretariat@medykzabrze.pl\u0022 title=\u0022\u0022 target=\u0022_self\u0022\u003Esekretariat@medykzabrze.pl\u003C\/a\u003E\u003C\/li\u003E\n\u003C\/ul\u003E\n\u003Cdiv style=\u0022margin-bottom: 10px;\u0022\u003E\u003Cstrong\u003EKorespondencj\u0119 prosz\u0119 kierowa\u0107 na adres:\u003C\/strong\u003E\u003C\/div\u003E\n\u003Cp style=\u0022margin-left: 40px;\u0022\u003ECentrum Kszta\u0142cenia Zawodowego i Ustawicznego Wojew\u00f3dztwa \u015al\u0105skiego w Zabrzu\u003Cbr \/\u003Eul. 3 Maja 63\u003Cbr \/\u003E41-800 Zabrze\u003C\/p\u003E\n\u003Cdiv style=\u0022margin-bottom: 10px;\u0022\u003E\u003Cstrong\u003EWnoszenie pism w formie dokument\u00f3w elektronicznych mo\u017cliwe jest za po\u015brednictwem Elektronicznej Platformy Us\u0142ug Administracji Publicznej ePUAP dost\u0119pnej pod adresem: \u003Ca href=\u0022https:\/\/epuap.gov.pl\u0022 title=\u0022www.epuap.gov.pl\u0022 target=\u0022_self\u0022\u003Ewww.epuap.gov.pl\u003C\/a\u003E\u003C\/strong\u003E\u003C\/div\u003E\n\u003Cp style=\u0022margin-left: 40px;\u0022\u003EAdres skrzynki w ePUAP: \/ckziuzabrze\/SkrytkaESP\u003C\/p\u003E\n\u003Cdiv style=\u0022font-weight: bold; margin-top: 10px;\u0022\u003EInformacje dodatkowe:\u003C\/div\u003E\n\u003Cul style=\u0022margin-top: 4px;\u0022\u003E\n\u003Cli style=\u0022margin-bottom: 3px;\u0022\u003Eszczeg\u00f3\u0142owych informacji dotycz\u0105cych sposobu za\u0142atwiania spraw udziela sekretariat\u003C\/li\u003E\n\u003Cli style=\u0022margin-bottom: 3px;\u0022\u003Ewarunkiem wszcz\u0119cia post\u0119powania wyja\u015bniaj\u0105cego w przypadku skierowania do Centrum korespondencji maj\u0105cej cechy skargi lub wniosku, jest spe\u0142nienie wymog\u00f3w wynikaj\u0105cych z art. 63 \u00a7 2 Kodeksu post\u0119powania administracyjnego (\u003Ca href=\u0022https:\/\/www.dziennikustaw.gov.pl\/DU\/2020\/256\u0022 title=\u0022tekst jednolity Dz. U. z 2020 r., poz. 256\u0022 target=\u0022_self\u0022\u003Etekst jednolity Dz. U. z 2020 r., poz. 256\u003C\/a\u003E)\u003C\/li\u003E\n\u003Cli style=\u0022margin-bottom: 3px;\u0022\u003EDyrektor Centrum przyjmuje po uprzednim uzgodnieniu z sekretariatem\u003C\/li\u003E\n\u003Cli style=\u0022margin-bottom: 3px;\u0022\u003Esprawy nie wymagaj\u0105ce odpowiedzi w formie pisemnej za\u0142atwiane s\u0105 przez ustne udzielenie informacji\u003C\/li\u003E\n\u003Cli style=\u0022margin-bottom: 3px;\u0022\u003Esprawy za\u0142atwiane s\u0105 wed\u0142ug kolejno\u015bci wp\u0142ywu\u003C\/li\u003E\n\u003C\/ul\u003E\n\u003Cdiv class=\u0022panel-group\u0022 id=\u0022accordion1697793173583\u0022 role=\u0022tablist\u0022 aria-multiselectable=\u0022true\u0022\u003E\n\u003Cdiv class=\u0022accordion panel panel-default\u0022\u003E\n\u003Cdiv class=\u0022accordion-item panel-heading mceNonEditable productAccordion\u0022 role=\u0022tab\u0022 id=\u0022heading1697793173583\u0022\u003E\n\u003Ch2 class=\u0022accordion-header panel-title\u0022\u003E\u003Ca role=\u0022button\u0022 data-toggle=\u0022collapse\u0022 data-bs-toggle=\u0022collapse\u0022 class=\u0022accordion-button mceEditable collapsed\u0022 data-parent=\u0022#accordion1697793173583\u0022 href=\u0022#collapse1697793173583\u0022 aria-expanded=\u0022true\u0022 aria-controls=\u0022collapse1697793173583\u0022\u003ERekrutacja\u003C\/a\u003E\u003C\/h2\u003E\n\u003Cdiv id=\u0022collapse1697793173583\u0022 class=\u0022accordion-collapse panel-collapse collapse mceNonEditable\u0022 role=\u0022tabpanel\u0022 aria-labelledby=\u0022heading1697793173583\u0022\u003E\n\u003Cdiv class=\u0022accordion-body panel-body mceEditable\u0022\u003E\n\u003Cdiv style=\u0022font-weight: bold; margin-top: 10px;\u0022\u003EWymagane dokumenty\u003C\/div\u003E\n\u003Cul style=\u0022margin-top: 4px;\u0022\u003E\n\u003Cli style=\u0022margin-bottom: 3px;\u0022\u003E\u015bwiadectwo uko\u0144czenia szko\u0142y \u015bredniej w oryginale lub odpis notarialny,\u003C\/li\u003E\n\u003Cli style=\u0022margin-bottom: 3px;\u0022\u003Ewype\u0142niony wniosek o przyj\u0119cie do Centrum Kszta\u0142cenia Zawodowego i Ustawicznego w Zabrzu, (je\u015bli wys\u0142a\u0142a\u015b\/e\u015b zg\u0142oszenie poprzez \u003Ca href=\u0022https:\/\/www.medykzabrze.pl\/aplikuj-online\/\u0022 title=\u0022Wniosek online - otwarcie w nowym oknie\u0022 target=\u0022_blank\u0022 rel=\u0022noopener noreferrer\u0022\u003Eformularz\u003C\/a\u003E, to wype\u0142niony wniosek b\u0119dzie na Ciebie czeka\u0142 w sekretariacie),\u003C\/li\u003E\n\u003Cli style=\u0022margin-bottom: 3px;\u0022\u003Eza\u015bwiadczenie lekarskie o braku przeciwwskaza\u0144 zdrowotnych do podj\u0119cia praktycznej nauki zawodu, (kandydaci otrzymaj\u0105 w sekretariacie skierowanie na badania po z\u0142o\u017ceniu dokument\u00f3w).\u003C\/li\u003E\n\u003C\/ul\u003E\n\u003Cdiv\u003E\u003Ca href=\u0022\/resource\/60\/wniosek-o-przyjecie.pdf\u0022 title=\u0022wniosek o przyj\u0119cie do szko\u0142y\u0022 style=\u0022display: inline-block; text-decoration: none; color: #0067b2; border: 1px solid #0067b2; padding: 4px; border-radius: 5px; width: 100%;\u0022\u003E\u003Cimg alt=\u0022ikona pdf\u0022 src=\u0022\/resource\/image\/32\/650\/43\/20\/0x0.svg\u0022 style=\u0022vertical-align: middle; height: 35px; margin-right: 10px;\u0022 \/\u003Ewniosek o przyj\u0119cie\u003C\/a\u003E\u003C\/div\u003E\n\u003C\/div\u003E\n\u003C\/div\u003E\n\u003C\/div\u003E\n\u003C\/div\u003E\n\u003Cdiv class=\u0022accordion panel panel-default\u0022\u003E\n\u003Cdiv class=\u0022accordion-item panel-heading mceNonEditable productAccordion\u0022 role=\u0022tab\u0022 id=\u0022heading1697793173584\u0022\u003E\n\u003Ch2 class=\u0022accordion-header panel-title\u0022\u003E\u003Ca role=\u0022button\u0022 data-toggle=\u0022collapse\u0022 data-bs-toggle=\u0022collapse\u0022 class=\u0022accordion-button mceEditable collapsed\u0022 data-parent=\u0022#accordion1697793173583\u0022 href=\u0022#collapse1697793173584\u0022 aria-expanded=\u0022true\u0022 aria-controls=\u0022collapse1697793173584\u0022\u003E Duplikat legitymacji szkolnej \u003C\/a\u003E\u003C\/h2\u003E\n\u003Cdiv id=\u0022collapse1697793173584\u0022 class=\u0022accordion-collapse panel-collapse collapse mceNonEditable\u0022 role=\u0022tabpanel\u0022 aria-labelledby=\u0022heading1697793173584\u0022\u003E\n\u003Cdiv class=\u0022accordion-body panel-body mceEditable\u0022\u003E\n\u003Cp\u003EW przypadku utraty orygina\u0142u legitymacji szkolnej, s\u0142uchacz mo\u017ce mo\u017ce wyst\u0105pi\u0107 do dyrektora szko\u0142y z wnioskiem o wydanie duplikatu legitymacji, w kt\u00f3rym nale\u017cy poda\u0107 przyczyny ubiegania si\u0119 o jego wydanie (np. zgubienie, kradzie\u017c, zniszczenie).\u003Cbr \/\u003EZa wydanie duplikatu legitymacji pobiera si\u0119 op\u0142at\u0119 w wysoko\u015bci \u003Cstrong\u003E9 z\u0142.\u003C\/strong\u003E\u003C\/p\u003E\n\u003Cdiv style=\u0022font-weight: bold; margin-top: 10px;\u0022\u003EZa\u0142\u0105czniki do procedury wydania duplikatu legitymacji stanowi\u0105:\u003C\/div\u003E\n\u003Cul style=\u0022margin-top: 4px;\u0022\u003E\n\u003Cli style=\u0022margin-bottom: 3px;\u0022\u003Epodanie o wydanie duplikatu legitymacji\u003C\/li\u003E\n\u003Cli style=\u0022margin-bottom: 3px;\u0022\u003Eklauzula informacyjna dot. przetwarzania danych osobowych\u003C\/li\u003E\n\u003Cli style=\u0022margin-bottom: 3px;\u0022\u003Epotwierdzenie dokonanej wp\u0142aty za duplikat\u003C\/li\u003E\n\u003Cli style=\u0022margin-bottom: 3px;\u0022\u003Eaktualna fotografia 30x42 mm\u003C\/li\u003E\n\u003C\/ul\u003E\n\u003Cdiv\u003E\u003Ca href=\u0022\/resource\/60\/wniosek_o_wydanie_duplikatu_legitymacji_szkolnej.pdf\u0022 title=\u0022wniosek o wydanie duplikatu legitymacji\u0022 style=\u0022display: inline-block; text-decoration: none; color: #0067b2; border: 1px solid #0067b2; padding: 4px; border-radius: 5px; width: 100%;\u0022\u003E\u003Cimg src=\u0022\/resource\/image\/32\/650\/43\/20\/0x0.svg\u0022 alt=\u0022ikona pdf\u0022 style=\u0022vertical-align: middle; height: 35px; margin-right: 10px;\u0022 \/\u003Ewniosek o wydanie duplikatu legitymacji\u003C\/a\u003E\u003C\/div\u003E\n\u003C\/div\u003E\n\u003C\/div\u003E\n\u003C\/div\u003E\n\u003C\/div\u003E\n\u003Cdiv class=\u0022accordion panel panel-default\u0022\u003E\n\u003Cdiv class=\u0022accordion-item panel-heading mceNonEditable productAccordion\u0022 role=\u0022tab\u0022 id=\u0022heading1697793173585\u0022\u003E\n\u003Ch2 class=\u0022accordion-header panel-title\u0022\u003E\u003Ca role=\u0022button\u0022 data-toggle=\u0022collapse\u0022 data-bs-toggle=\u0022collapse\u0022 class=\u0022accordion-button mceEditable collapsed\u0022 data-parent=\u0022#accordion1697793173583\u0022 href=\u0022#collapse1697793173585\u0022 aria-expanded=\u0022true\u0022 aria-controls=\u0022collapse1697793173585\u0022\u003E Duplikat \u015bwiadectwa lub dyplomu \u003C\/a\u003E\u003C\/h2\u003E\n\u003Cdiv id=\u0022collapse1697793173585\u0022 class=\u0022accordion-collapse panel-collapse collapse mceNonEditable\u0022 role=\u0022tabpanel\u0022 aria-labelledby=\u0022heading1697793173585\u0022\u003E\n\u003Cdiv class=\u0022accordion-body panel-body mceEditable\u0022\u003E\n\u003Cdiv style=\u0022font-weight: bold;\u0022\u003EPodstawa prawna\u003C\/div\u003E\n\u003Cdiv style=\u0022margin-top: 4px;\u0022\u003EDuplikaty \u015bwiadectw i dyplom\u00f3w pa\u0144stwowych wydaje si\u0119 zgodnie z \u00a724 ust. 1-11 rozporz\u0105dzenia Ministra Edukacji Narodowej z dnia 27 sierpnia 2019 r. w sprawie \u015bwiadectw, dyplom\u00f3w pa\u0144stwowych i innych druk\u00f3w (Dz. U. z 2019 r. poz. 1700 z p\u00f3\u017an. zm.).\u003C\/div\u003E\n\u003Cdiv style=\u0022font-weight: bold; margin-top: 10px;\u0022\u003EWymagane dokumenty\u003C\/div\u003E\n\u003Cul style=\u0022margin-top: 4px;\u0022\u003E\n\u003Cli style=\u0022margin-bottom: 3px;\u0022\u003Ewniosek o wydanie duplikatu (wz\u00f3r do pobrania poni\u017cej),\u003C\/li\u003E\n\u003Cli style=\u0022margin-bottom: 3px;\u0022\u003Ekserokopia dokumentu je\u017celi jest w posiadaniu wnioskodawcy,\u003C\/li\u003E\n\u003Cli style=\u0022margin-bottom: 3px;\u0022\u003Edokument potwierdzaj\u0105cy dokonanie op\u0142aty za wydanie duplikatu \u015bwiadectwa\/dyplomu,\u003C\/li\u003E\n\u003Cli style=\u0022margin-bottom: 3px;\u0022\u003Eupowa\u017cnienie wystawione przez w\u0142a\u015bciciela dokumentu \u2013 w przypadku gdy wnioskodawca nie jest osob\u0105, na kt\u00f3r\u0105 wydano orygina\u0142 dokumentu.\u003C\/li\u003E\n\u003C\/ul\u003E\n\u003Cdiv style=\u0022font-weight: bold; margin-top: 10px;\u0022\u003EOp\u0142ata skarbowa\u003C\/div\u003E\n\u003Cdiv style=\u0022margin-top: 4px;\u0022\u003EZgodnie z \u00a7 29 ust. 3 rozporz\u0105dzenia Ministra Edukacji Narodowej z dnia 27 sierpnia 2019 r. w sprawie \u015bwiadectw, dyplom\u00f3w pa\u0144stwowych i innych druk\u00f3w (Dz. U. z 2019 r. poz. 1700 z p\u00f3\u017an. zm.), w zwi\u0105zku z art. 6 ustawy z dnia 16 listopada 2006 r. o op\u0142acie skarbowej (Dz. U. z 2021 r. poz. 1923 z p\u00f3\u017an. zm.) oraz w zwi\u0105zku z cz. II pkt 5 za\u0142\u0105cznika do tej ustawy, za wydanie duplikatu \u015bwiadectwa, dyplomu pobiera si\u0119 op\u0142at\u0119 w wysoko\u015bci r\u00f3wnej kwocie op\u0142aty skarbowej od legalizacji dokumentu. Op\u0142ata ta wynosi 26,00 z\u0142.\u003C\/div\u003E\n\u003Cdiv style=\u0022font-weight: bold; margin-top: 10px;\u0022\u003EOp\u0142at\u0119 nale\u017cy wnie\u015b\u0107 na rachunek bankowy:\u003C\/div\u003E\n\u003Cdiv style=\u0022margin-top: 4px;\u0022\u003ECentrum Kszta\u0142cenia Zawodowego i Ustawicznego Wojew\u00f3dztwa \u015al\u0105skiego w Zabrzu\u003Cbr \/\u003E ul. 3 Maja 63, 41-800 Zabrze\u003Cbr \/\u003E54 1240 1037 1111 0011 6473 6620\u003Cbr \/\u003E \u003Cstrong\u003EW tytule przelewu prosz\u0119 wpisa\u0107:\u003C\/strong\u003E \u003Cem\u003Enazwisko i imi\u0119, op\u0142ata za duplikat\u003C\/em\u003E\u003C\/div\u003E\n\u003Cdiv style=\u0022margin-top: 20px;\u0022\u003E\u003Ca href=\u0022\/resource\/60\/wniosek-o-wydanie-duplikatu-swiadectwa-dyplomu.pdf\u0022 title=\u0022wniosek o wydanie duplikatu \u015bwiadectwa lub dyplomu\u0022 style=\u0022display: inline-block; text-decoration: none; color: #0067b2; border: 1px solid #0067b2; padding: 4px; border-radius: 5px; width: 100%;\u0022\u003E\u003Cimg src=\u0022\/resource\/image\/32\/650\/43\/20\/0x0.svg\u0022 alt=\u0022ikona pdf\u0022 style=\u0022vertical-align: middle; height: 35px; margin-right: 10px;\u0022 \/\u003Ewniosek o wydanie duplikatu \u015bwiadectwa lub dyplomu\u003C\/a\u003E\u003C\/div\u003E\n\u003C\/div\u003E\n\u003C\/div\u003E\n\u003C\/div\u003E\n\u003C\/div\u003E\n\u003Cdiv class=\u0022accordion panel panel-default\u0022\u003E\n\u003Cdiv class=\u0022accordion-item panel-heading mceNonEditable productAccordion\u0022 role=\u0022tab\u0022 id=\u0022heading1697793173586\u0022\u003E\n\u003Ch2 class=\u0022accordion-header panel-title\u0022\u003E\u003Ca role=\u0022button\u0022 data-toggle=\u0022collapse\u0022 data-bs-toggle=\u0022collapse\u0022 class=\u0022accordion-button mceEditable collapsed\u0022 data-parent=\u0022#accordion1697793173583\u0022 href=\u0022#collapse1697793173586\u0022 aria-expanded=\u0022true\u0022 aria-controls=\u0022collapse1697793173586\u0022\u003EDeklaracja przyst\u0105pienia do egzaminu zawodowego\u003C\/a\u003E\u003C\/h2\u003E\n\u003Cdiv id=\u0022collapse1697793173586\u0022 class=\u0022accordion-collapse panel-collapse collapse mceNonEditable\u0022 role=\u0022tabpanel\u0022 aria-labelledby=\u0022heading1697793173586\u0022\u003E\n\u003Cdiv class=\u0022accordion-body panel-body mceEditable\u0022\u003E\n\u003Cdiv style=\u0022margin-top: 10px;\u0022\u003EUczniowie, s\u0142uchacze, absolwenci, osoby, kt\u00f3re uko\u0144czy\u0142y kwalifikacyjny kurs zawodowy, sk\u0142adaj\u0105 deklaracje przyst\u0105pienia nie p\u00f3\u017aniej ni\u017c do:\u003C\/div\u003E\n\u003Col style=\u0022margin-top: 4px; list-style-type: lower-alpha;\u0022\u003E\n\u003Cli style=\u0022margin-bottom: 3px;\u0022\u003Ednia 15 wrze\u015bnia \u2013 je\u017celi przyst\u0119puj\u0105 do egzaminu zawodowego, kt\u00f3rego termin g\u0142\u00f3wny zosta\u0142 okre\u015blony w komunikacie, mi\u0119dzy 2 listopada a 28 lutego danego roku szkolnego;\u003C\/li\u003E\n\u003Cli style=\u0022margin-bottom: 3px;\u0022\u003Ednia 7 lutego \u2013 je\u017celi przyst\u0119puj\u0105 do egzaminu zawodowego, kt\u00f3rego termin g\u0142\u00f3wny zosta\u0142 okre\u015blony w komunikacie, mi\u0119dzy 1 kwietnia a 31 sierpnia danego roku szkolnego.\u003C\/li\u003E\n\u003C\/ol\u003E\n\u003Cdiv\u003EEgzamin jest bezp\u0142atny dla uczni\u00f3w i s\u0142uchaczy.\u003Cbr \/\u003E Op\u0142at\u0119 wnosz\u0105 absolwenci, kt\u00f3rzy przyst\u0119puj\u0105 do egzaminu po raz trzeci i kolejny.\u003C\/div\u003E\n\u003Cdiv style=\u0022margin-top: 10px;\u0022\u003EOp\u0142ata pobierana za egzamin (\u0142\u0105cznie cz\u0119\u015b\u0107 pisemna i praktyczna) wynosi 5,5% minimalnej stawki wynagrodzenia zasadniczego nauczyciela dyplomowanego posiadaj\u0105cego tytu\u0142 zawodowy magistra z przygotowaniem pedagogicznym. Obecnie op\u0142ata wynosi 250,25 z\u0142. W przypadku tylko jednej cz\u0119\u015bci egzaminu op\u0142ata wynosi:\u003C\/div\u003E\n\u003Cul style=\u0022margin-top: 4px;\u0022\u003E\n\u003Cli style=\u0022margin-bottom: 3px;\u0022\u003Ew przypadku cz\u0119\u015bci pisemnej \u2013 1\/3 wysoko\u015bci op\u0142aty,\u003C\/li\u003E\n\u003Cli style=\u0022margin-bottom: 3px;\u0022\u003Ew przypadku cz\u0119\u015bci praktycznej \u2013 2\/3 wysoko\u015bci op\u0142aty.\u003C\/li\u003E\n\u003C\/ul\u003E\n\u003Cdiv style=\u0022margin-top: 20px;\u0022\u003E\u003Ca href=\u0022\/resource\/60\/deklaracja-formula-2019.docx\u0022 title=\u0022deklaracja przyst\u0105pienia do egzaminu - dokument word\u0022 style=\u0022display: inline-block; text-decoration: none; color: #0067b2; border: 1px solid #0067b2; padding: 4px; border-radius: 5px; width: 100%;\u0022\u003E\u003Cimg src=\u0022\/resource\/image\/32\/650\/43\/21\/0x0.svg\u0022 alt=\u0022ikona word\u0022 style=\u0022vertical-align: middle; height: 35px; margin-right: 10px;\u0022 \/\u003Edeklaracja przyst\u0105pienia do egzaminu (plik docx)\u003C\/a\u003E\u003C\/div\u003E\n\u003Cdiv style=\u0022margin-top: 20px;\u0022\u003E\u003Ca href=\u0022\/resource\/60\/deklaracja-formula-2019.pdf\u0022 title=\u0022deklaracja przyst\u0105pienia do egzaminu - dokument pdf\u0022 style=\u0022display: inline-block; text-decoration: none; color: #0067b2; border: 1px solid #0067b2; padding: 4px; border-radius: 5px; width: 100%;\u0022\u003E\u003Cimg src=\u0022\/resource\/image\/32\/650\/43\/20\/0x0.svg\u0022 alt=\u0022ikona pdf\u0022 style=\u0022vertical-align: middle; height: 35px; margin-right: 10px;\u0022 \/\u003Edeklaracja przyst\u0105pienia do egzaminu (plik pdf)\u003C\/a\u003E\u003C\/div\u003E\n\u003C\/div\u003E\n\u003C\/div\u003E\n\u003C\/div\u003E\n\u003C\/div\u003E\n\u003Cdiv class=\u0022accordion panel panel-default\u0022\u003E\n\u003Cdiv class=\u0022accordion-item panel-heading mceNonEditable productAccordion\u0022 role=\u0022tab\u0022 id=\u0022heading1697793173587\u0022\u003E\n\u003Ch2 class=\u0022accordion-header panel-title\u0022\u003E\u003Ca role=\u0022button\u0022 data-toggle=\u0022collapse\u0022 data-bs-toggle=\u0022collapse\u0022 class=\u0022accordion-button mceEditable collapsed\u0022 data-parent=\u0022#accordion1697793173583\u0022 href=\u0022#collapse1697793173587\u0022 aria-expanded=\u0022true\u0022 aria-controls=\u0022collapse1697793173587\u0022\u003EZwolnienie z zaj\u0119\u0107 wychowania fizycznego\u003C\/a\u003E\u003C\/h2\u003E\n\u003Cdiv id=\u0022collapse1697793173587\u0022 class=\u0022accordion-collapse panel-collapse collapse mceNonEditable\u0022 role=\u0022tabpanel\u0022 aria-labelledby=\u0022heading1697793173587\u0022\u003E\n\u003Cdiv class=\u0022accordion-body panel-body mceEditable\u0022\u003E\n\u003Cp\u003Etre\u015b\u0107 do zmiany\u003C\/p\u003E\n\u003C\/div\u003E\n\u003C\/div\u003E\n\u003C\/div\u003E\n\u003C\/div\u003E\n\u003C\/div\u003E","promotion":false}},{"id":"93bd42ce-7312-11e9-90c1-000c290e6fc2","type":"Gallery","name":"Galeria","description":"Galeria"},{"id":"93bd956b-7312-11e9-90c1-000c290e6fc2","type":"Attachment","name":"Za\u0142\u0105czniki","description":"Za\u0142\u0105czniki do strony"},{"id":"d63e71ef-92cf-11f0-b976-00505697ccff","type":"PageThumbnail","name":"","description":"Miniaturka strony","content":[]}]}