{"id":42,"name":"ogloszenie-o-naborze-na-wolne-stanowisko-pracy-specjalista-ekonomiczno-placowy","title":"Og\u0142oszenie o naborze na wolne stanowisko pracy: specjalista ekonomiczno-p\u0142acowy","desc":"","header":"Og\u0142oszenie o naborze na wolne stanowisko pracy: specjalista ekonomiczno-p\u0142acowy","lead":"","keywords":"","changes":"dodanie za\u0142\u0105cznik\u00f3w","menu":"","path":"\/nabor-pracownikow\/ogloszenie-o-naborze-na-wolne-stanowisko-pracy-specjalista-ekonomiczno-placowy.html","url":"\/nabor-pracownikow\/ogloszenie-o-naborze-na-wolne-stanowisko-pracy-specjalista-ekonomiczno-placowy.html","infoOwner":"Centrum Kszta\u0142cenia Zawodowego i Ustawicznego Wojew\u00f3dztwa \u015al\u0105skiego w Zabrzu","dateFirstPublicate":"2023-10-20 08:17:04","dateLastVersionPublicate":"2023-10-20 08:22:44","dateAvailableFrom":"","dateAvailableTo":"","type":"jednostki_Nab\u00f3r na stanowiska","pageParams":[{"id":"305","name":"jednostki_tytu\u0142 og\u0142oszenia","description":"Tytu\u0142 og\u0142oszenia","value":"Og\u0142oszenie o naborze na wolne stanowisko pracy: specjalista ekonomiczno-p\u0142acowy"},{"id":"306","name":"jednostki_data og\u0142oszenia","description":"Data og\u0142oszenia","value":"2016-12-20"},{"id":"307","name":"jednostki_numer og\u0142oszenia","description":"Numer og\u0142oszenia","value":"1\/2016"},{"id":"308","name":"jednostki_status og\u0142oszenia","description":"Status og\u0142oszenia","value":"58751"},{"id":"309","name":"jednostki_termin sk\u0142adania (data)","description":"Termin sk\u0142adania (data)","value":"2017-01-10"},{"id":"311","name":"JEDNOSTKI_TYP_STANOWISKA","description":"Typ stanowiska","value":"58752"}],"components":[{"id":"93bb94fe-7312-11e9-90c1-000c290e6fc2","type":"SectionDescription","name":"","description":"Zajawka sekcji","content":[]},{"id":"93bbe8e3-7312-11e9-90c1-000c290e6fc2","type":"PageTitle","name":"Tytu\u0142 strony","description":"Tytu\u0142 strony","content":{"title":"Og\u0142oszenie o naborze na wolne stanowisko pracy: specjalista ekonomiczno-p\u0142acowy"}},{"id":"93bc435c-7312-11e9-90c1-000c290e6fc2","type":"PageDescription","name":"","description":"Zajawka strony","content":[]},{"id":"93bcef8e-7312-11e9-90c1-000c290e6fc2","type":"ContentWYSIWYG","name":"Tre\u015b\u0107","description":"Tre\u015b\u0107 strony","content":{"content":"\u003Cdiv class=\u0022panel-group\u0022 id=\u0022accordion1695285031023\u0022 role=\u0022tablist\u0022 aria-multiselectable=\u0022true\u0022\u003E\n\u003Cdiv class=\u0022accordion panel panel-default\u0022\u003E\n\u003Cdiv class=\u0022accordion-item panel-heading mceNonEditable productAccordion\u0022 role=\u0022tab\u0022 id=\u0022heading1695285031023\u0022\u003E\n\u003Ch4 class=\u0022accordion-header panel-title\u0022\u003E\u003Ca role=\u0022button\u0022 data-toggle=\u0022collapse\u0022 data-bs-toggle=\u0022collapse\u0022 class=\u0022accordion-button mceEditable collapsed\u0022 data-parent=\u0022#accordion1695285031023\u0022 href=\u0022#collapse1695285031023\u0022 aria-expanded=\u0022true\u0022 aria-controls=\u0022collapse1695285031023\u0022\u003E20-12-2016r | \u003Cstrong\u003ETre\u015b\u0107 og\u0142oszenia\u003C\/strong\u003E\u003C\/a\u003E\u003C\/h4\u003E\n\u003Cdiv id=\u0022collapse1695285031023\u0022 class=\u0022accordion-collapse panel-collapse collapse mceNonEditable\u0022 role=\u0022tabpanel\u0022 aria-labelledby=\u0022heading1695285031023\u0022\u003E\n\u003Cdiv class=\u0022accordion-body panel-body mceEditable\u0022\u003E\n\u003Cp\u003E\u003Cstrong\u003ECentrum Kszta\u0142cenia Zawodowego i Ustawicznego Wojew\u00f3dztwa \u015al\u0105skiego w Zabrzu\u003C\/strong\u003E\u003C\/p\u003E\n\u003Cp\u003Ez siedzib\u0105 przy ul. 3 Maja 63\u003Cbr \/\u003E 41-800\u00a0\u00a0Zabrze\u003C\/p\u003E\n\u003Cp\u003EOg\u0142asza nab\u00f3r kandydat\u00f3w na wolne stanowisko\u003Cbr \/\u003E \u003Cstrong\u003Especjalista ekonomiczno-p\u0142acowy\u003C\/strong\u003E\u003C\/p\u003E\n\u003Cp\u003E\u003Cstrong\u003ELiczba os\u00f3b do zatrudnienia:\u003C\/strong\u003E 1\u00a0\u003C\/p\u003E\n\u003Col\u003E\n\u003Cli\u003E\u003Cstrong\u003EWymagania formalne:\u003C\/strong\u003E\u003C\/li\u003E\n\u003C\/ol\u003E\n\u003Cul\u003E\n\u003Cli\u003Eobywatelstwo polskie,\u003C\/li\u003E\n\u003Cli\u003Epe\u0142na zdolno\u015b\u0107 do czynno\u015bci prawnych oraz korzystanie z pe\u0142ni praw publicznych,\u003C\/li\u003E\n\u003Cli\u003Ekandydat nie by\u0142 prawomocnie skazany za przest\u0119pstwa: przeciwko mieniu, przeciwko obrotowi gospodarczemu, przeciwko dzia\u0142alno\u015bci instytucji pa\u0144stwowych oraz samorz\u0105du terytorialnego, przeciwko wiarygodno\u015bci dokument\u00f3w lub za przest\u0119pstwo karne skarbowe,\u003C\/li\u003E\n\u003Cli\u003E\u003Cstrong\u003Ewykszta\u0142cenie\u003C\/strong\u003E: wy\u017csze ekonomiczne, prawnicze, techniczne lub \u015brednie ekonomiczne z dwuletnim do\u015bwiadczeniem zawodowym lub\u00a0inne umo\u017cliwiaj\u0105ce wykonywanie zada\u0144 na w\/w stanowisku,\u003C\/li\u003E\n\u003Cli\u003Ebieg\u0142a znajomo\u015b\u0107 obs\u0142ugi komputera w zakresie programu\u00a0 Microsoft Office,\u003C\/li\u003E\n\u003Cli\u003Eumiej\u0119tno\u015b\u0107 sporz\u0105dzania list p\u0142ac (w tym naliczanie zasi\u0142k\u00f3w z ubezpieczenia spo\u0142ecznego),\u003C\/li\u003E\n\u003Cli\u003Eznajomo\u015b\u0107 obs\u0142ugi programu \u201e P\u0142atnik \u0022,\u003C\/li\u003E\n\u003Cli\u003Eznajomo\u015b\u0107 przepis\u00f3w podatkowych (w tym: sporz\u0105dzania dokument\u00f3w PIT, VAT),\u003C\/li\u003E\n\u003Cli\u003Eznajomo\u015b\u0107 regulacji prawnych w zakresie: administracji samorz\u0105dowej, karty nauczyciela, Kodeksu Pracy, egzekucji administracyjnej, przepis\u00f3w ZUS odno\u015bnie naliczania i potr\u0105cania sk\u0142adek,\u003C\/li\u003E\n\u003Cli\u003Eznajomo\u015b\u0107 przepis\u00f3w i proces\u00f3w z zakresu ubezpiecze\u0144 spo\u0142ecznych,\u003C\/li\u003E\n\u003Cli\u003Eumiej\u0119tno\u015b\u0107 sporz\u0105dzania dokument\u00f3w zg\u0142oszeniowych i rozliczeniowych do ZUS,\u003C\/li\u003E\n\u003C\/ul\u003E\n\u003Col start=\u00222\u0022\u003E\n\u003Cli\u003E\u003Cstrong\u003EWymagania dodatkowe:\u003C\/strong\u003E\u003C\/li\u003E\n\u003C\/ol\u003E\n\u003Cul\u003E\n\u003Cli\u003Epreferowana osoba posiadaj\u0105ca do\u015bwiadczenie w pracy na tym stanowisku w jednostce o\u015bwiatowej,\u003C\/li\u003E\n\u003Cli\u003Ekomunikatywno\u015b\u0107 i umiej\u0119tno\u015b\u0107 wsp\u00f3\u0142pracy.\u003C\/li\u003E\n\u003C\/ul\u003E\n\u003Col start=\u00223\u0022\u003E\n\u003Cli\u003E\u003Cstrong\u003EWarunki pracy i p\u0142acy:\u003C\/strong\u003E\u003C\/li\u003E\n\u003C\/ol\u003E\n\u003Cp\u003EZatrudnienie na okres pr\u00f3bny, nast\u0119pnie na czas okre\u015blony z mo\u017cliwo\u015bci\u0105 przed\u0142u\u017cenia na czas nieokre\u015blony. Wynagrodzenie wg Rozporz\u0105dzenia Rady Ministr\u00f3w z dnia 02.08.2005 r. - Dz. U. nr 146 poz. 1222 z p\u00f3\u017an. zm.\u003C\/p\u003E\n\u003Col start=\u00224\u0022\u003E\n\u003Cli\u003E\u003Cstrong\u003EPrzewidywany zakres wykonywanych zada\u0144:\u003C\/strong\u003E\u003C\/li\u003E\n\u003C\/ol\u003E\n\u003Cul\u003E\n\u003Cli\u003EZak\u0142adanie i prowadzenie kart wynagrodze\u0144 dla pracownik\u00f3w.\u003C\/li\u003E\n\u003Cli\u003EDokonywanie zmian po otrzymaniu odpowiedniej dokumentacji w zakresie wysoko\u015bci wynagrodze\u0144,\u00a0\u00a0wyp\u0142at jednorazowych,\u00a0\u00a0naliczania potr\u0105ce\u0144,\u00a0\u00a0zasi\u0142k\u00f3w p\u0142atnych z ZUS.\u003C\/li\u003E\n\u003Cli\u003ESporz\u0105dzanie list p\u0142ac dla pracownik\u00f3w oraz potr\u0105ce\u0144 zgodnie z obowi\u0105zuj\u0105cymi \u00a0\u00a0\u00a0przepisami.\u003C\/li\u003E\n\u003Cli\u003ESporz\u0105dzanie i przekazywanie dokument\u00f3w zg\u0142oszeniowych, rozliczeniowych i innych, wynikaj\u0105cych z przepis\u00f3w o ubezpieczeniach spo\u0142ecznych.\u003C\/li\u003E\n\u003Cli\u003ENaliczanie w ustalonym terminie nagrody rocznej i innych.\u003C\/li\u003E\n\u003Cli\u003EProwadzenie dokumentacji zwi\u0105zanej z rozliczeniami z Urz\u0119dem Skarbowym.\u003C\/li\u003E\n\u003Cli\u003EWykonywanie czynno\u015bci zwi\u0105zanych z przeprowadzeniem regulacji p\u0142ac pracownik\u00f3w.\u003C\/li\u003E\n\u003Cli\u003ESporz\u0105dzanie sprawozda\u0144 statystycznych w zakresie zatrudnienia, analiz i informacji dotycz\u0105cych spraw pracowniczych.\u003C\/li\u003E\n\u003Cli\u003EProwadzenie ksi\u0119gowo\u015bci funduszu socjalnego.\u003C\/li\u003E\n\u003C\/ul\u003E\n\u003Col start=\u00225\u0022\u003E\n\u003Cli\u003E\u003Cstrong\u003EWymagane dokumenty:\u003C\/strong\u003E\u003C\/li\u003E\n\u003C\/ol\u003E\n\u003Cul\u003E\n\u003Cli\u003Elist motywacyjny i CV,\u003C\/li\u003E\n\u003Cli\u003Ekwestionariusz osobowy,\u003C\/li\u003E\n\u003Cli\u003Edokumenty potwierdzaj\u0105ce posiadane kwalifikacje oraz odpowiedni sta\u017c pracy, (mile widziane opinie i referencje).\u003C\/li\u003E\n\u003Cli\u003Eo\u015bwiadczenie o niekaralno\u015bci za przest\u0119pstwa pope\u0142nione umy\u015blnie,\u003C\/li\u003E\n\u003Cli\u003Eaktualne za\u015bwiadczenie lekarskie stwierdzaj\u0105ce, \u017ce kandydat mo\u017ce by\u0107 zatrudniony na stanowisku specjalisty.\u003C\/li\u003E\n\u003Cli\u003Eo\u015bwiadczenie zawieraj\u0105ce zgod\u0119 na przetwarzanie danych osobowych zgodnie z ustaw\u0105 z dnia 29 sierpnia 1997 r. o ochronie danych osobowych (Dz.U. z 2002 r. nr 101 poz. 926 z p\u00f3\u017an. zm.) na potrzeby zwi\u0105zane z og\u0142oszonym naborem.\u003C\/li\u003E\n\u003C\/ul\u003E\n\u003Col start=\u00226\u0022\u003E\n\u003Cli\u003E\u003Cstrong\u003EPowy\u017csze dokumenty nale\u017cy sk\u0142ada\u0107 w sekretariacie szko\u0142y:\u003C\/strong\u003E\u003C\/li\u003E\n\u003C\/ol\u003E\n\u003Cp\u003E\u003Cstrong\u003ECENTRUM KSZTA\u0141CENIA ZAWODOWEGO I USTAWICZNEGO WOJEW\u00d3DZTWA \u015aL\u0104SKIEGO W ZABRZU, \u003C\/strong\u003E\u003C\/p\u003E\n\u003Cp\u003E\u003Cstrong\u003E41-800 Zabrze, ul. 3 Maja 63 z dopiskiem \u201eNAB\u00d3R \u2013 specjalista ekonomiczno - p\u0142acowy\u0022 \u003C\/strong\u003E\u003C\/p\u003E\n\u003Cp\u003E\u003Cstrong\u003E\u003Cu\u003Ew terminie do 10.01.2017 roku .\u003C\/u\u003E\u003C\/strong\u003E\u003C\/p\u003E\n\u003Cp\u003E\u003Cstrong\u003ESekretariat czynny w dni robocze w\u00a0godzinach od 8.00 do 15.00. \u003C\/strong\u003E\u003C\/p\u003E\n\u003Cp\u003E\u003Cstrong\u003EUwaga: Kandydat mo\u017ce przed\u0142o\u017cy\u0107 inne dodatkowe dokumenty, kt\u00f3re jego zdaniem \u015bwiadcz\u0105 o jego umiej\u0119tno\u015bciach i mog\u0105 wp\u0142ywa\u0107 na decyzj\u0119 o zatrudnieniu. \u003C\/strong\u003E\u003C\/p\u003E\n\u003Cp\u003EDokumenty sk\u0142adane przez osob\u0119 ubiegaj\u0105c\u0105 si\u0119 o zatrudnienie mog\u0105 mie\u0107 tylko form\u0119 pisemn\u0105.\u003C\/p\u003E\n\u003Cp\u003EOferty, kt\u00f3re wp\u0142yn\u0105 po wy\u017cej okre\u015blonym terminie nie b\u0119d\u0105 rozpatrywane.\u003C\/p\u003E\n\u003Col start=\u00227\u0022\u003E\n\u003Cli\u003EW trakcie naboru b\u0119dzie przeprowadzana rozmowa kwalifikacyjna, polegaj\u0105ca w szczeg\u00f3lno\u015bci na ocenie wiedzy fachowej, umiej\u0119tno\u015bci wypowiedzi oraz prezentacji kandydata. W razie potrzeby zostanie przeprowadzony test sprawdzaj\u0105cy. Niezb\u0119dne informacje kandydaci uzyskaj\u0105 pod numerem telefonu 32-271-08-45.\u003C\/li\u003E\n\u003Cli\u003EInformacj\u0119 o wynikach naboru upowszechnia si\u0119 w terminie 14 dni od dnia zatrudnienia wybranego kandydata lub w terminie 7 dni od dnia zako\u0144czenia procedury naboru, w przypadku gdy nie dosz\u0142o do rozstrzygni\u0119cia naboru. Informacj\u0119 umieszcza si\u0119 na tablicy informacyjnej Centrum Kszta\u0142cenia Zawodowego i Ustawicznego Wojew\u00f3dztwa \u015al\u0105skiego w Zabrzu oraz publikuje w Biuletynie Informacji Publicznej.\u003C\/li\u003E\n\u003Cli\u003EDokumenty zawarte w ofercie kandydata, kt\u00f3ry zosta\u0142 wybrany w procesie naboru do\u0142\u0105cza si\u0119 do akt osobowych.\u003C\/li\u003E\n\u003Cli\u003EDokumenty zawarte w ofertach najlepszych kandydat\u00f3w, kt\u00f3rych nazwiska umieszczone zosta\u0142y w protokole, b\u0119d\u0105 przechowywane zgodnie z instrukcj\u0105 kancelaryjn\u0105, a nast\u0119pnie b\u0119d\u0105 podlega\u0142y zniszczeniu.\u003Cbr \/\u003E Dokumenty zawarte w ofertach pozosta\u0142ych kandydat\u00f3w b\u0119d\u0105 zwracane na \u017c\u0105danie kandydata, a nieodebrane w okresie 2 miesi\u0119cy, licz\u0105c od dnia og\u0142oszenia o naborze, b\u0119d\u0105 podlega\u0142y zniszczeniu.\u003C\/li\u003E\n\u003C\/ol\u003E\n\u003Cp\u003E\u00a0\u003C\/p\u003E\n\u003C\/div\u003E\n\u003C\/div\u003E\n\u003C\/div\u003E\n\u003C\/div\u003E\n\u003Cdiv class=\u0022accordion panel panel-default\u0022\u003E\n\u003Cdiv class=\u0022accordion-item panel-heading mceNonEditable productAccordion\u0022 role=\u0022tab\u0022 id=\u0022heading1695285031024\u0022\u003E\n\u003Ch4 class=\u0022accordion-header panel-title\u0022\u003E\u003Ca role=\u0022button\u0022 data-toggle=\u0022collapse\u0022 data-bs-toggle=\u0022collapse\u0022 class=\u0022accordion-button mceEditable collapsed\u0022 data-parent=\u0022#accordion1695285031023\u0022 href=\u0022#collapse1695285031024\u0022 aria-expanded=\u0022true\u0022 aria-controls=\u0022collapse1695285031024\u0022\u003E 11-01-2017r | \u003Cstrong\u003ELista kandydat\u00f3w spe\u0142niaj\u0105cych wymogi formalne \u003C\/strong\u003E\u003C\/a\u003E\u003C\/h4\u003E\n\u003Cdiv id=\u0022collapse1695285031024\u0022 class=\u0022accordion-collapse panel-collapse collapse mceNonEditable\u0022 role=\u0022tabpanel\u0022 aria-labelledby=\u0022heading1695285031024\u0022\u003E\n\u003Cdiv class=\u0022accordion-body panel-body mceEditable\u0022\u003E\n\u003Col\u003E\n\u003Cli\u003EKatarzyna Just\u003C\/li\u003E\n\u003C\/ol\u003E\n\u003C\/div\u003E\n\u003C\/div\u003E\n\u003C\/div\u003E\n\u003C\/div\u003E\n\u003Cdiv class=\u0022accordion panel panel-default\u0022\u003E\n\u003Cdiv class=\u0022accordion-item panel-heading mceNonEditable productAccordion\u0022 role=\u0022tab\u0022 id=\u0022heading1695285031025\u0022\u003E\n\u003Ch4 class=\u0022accordion-header panel-title\u0022\u003E\u003Ca role=\u0022button\u0022 data-toggle=\u0022collapse\u0022 data-bs-toggle=\u0022collapse\u0022 class=\u0022accordion-button mceEditable collapsed\u0022 data-parent=\u0022#accordion1695285031023\u0022 href=\u0022#collapse1695285031025\u0022 aria-expanded=\u0022true\u0022 aria-controls=\u0022collapse1695285031025\u0022\u003E 16-01-2017r | \u003Cstrong\u003EInformacja o wynikach naboru \u003C\/strong\u003E\u003C\/a\u003E\u003C\/h4\u003E\n\u003Cdiv id=\u0022collapse1695285031025\u0022 class=\u0022accordion-collapse panel-collapse collapse mceNonEditable\u0022 role=\u0022tabpanel\u0022 aria-labelledby=\u0022heading1695285031025\u0022\u003E\n\u003Cdiv class=\u0022accordion-body panel-body mceEditable\u0022\u003E\n\u003Cp\u003E\u003Cstrong\u003ECentrum Kszta\u0142cenia Zawodowego i Ustawicznego Wojew\u00f3dztwa \u015al\u0105skiego w Zabrzu \u003C\/strong\u003Einformuje,\u003C\/p\u003E\n\u003Cp\u003EW wyniku zako\u0144czenia procedury naboru na wolne stanowisko \u0022specjalista ekonomiczno-p\u0142acowy\u0022, do zatrudnienia wybrana zosta\u0142a Pani Katarzyna Just, kt\u00f3ra spe\u0142ni\u0142a wymagania formalne.\u003C\/p\u003E\n\u003C\/div\u003E\n\u003C\/div\u003E\n\u003C\/div\u003E\n\u003C\/div\u003E\n\u003C\/div\u003E\n\u003Cp\u003E\u00a0\u003C\/p\u003E","promotion":false}},{"id":"93bd42ce-7312-11e9-90c1-000c290e6fc2","type":"Gallery","name":"Galeria","description":"Galeria"},{"id":"93bd956b-7312-11e9-90c1-000c290e6fc2","type":"Attachment","name":"Za\u0142\u0105czniki","description":"Za\u0142\u0105czniki do strony","content":[{"src":"\/resource\/56\/kwestionariusz_osobowy.doc","extension":"DOC","name":"96c43c955827f5e8916ea8e737ff87ce.doc","size":"54 KB"},{"src":"\/resource\/56\/oswiadczenie_o_niekaralnosci.doc","extension":"DOC","name":"5676badeb58634e21a373878c292d8d1.doc","size":"24 KB"}]},{"id":"d63e71ef-92cf-11f0-b976-00505697ccff","type":"PageThumbnail","name":"","description":"Miniaturka strony","content":[]}]}