{"id":43,"name":"ogloszenie-o-naborze-na-wolne-stanowiska-pracy-specjalista-ds-ekonomiczno-ksiegowych","title":"Og\u0142oszenie o naborze na wolne stanowiska pracy: specjalista ds. ekonomiczno-ksi\u0119gowych","desc":"","header":"Og\u0142oszenie o naborze na wolne stanowiska pracy: specjalista ds. ekonomiczno-ksi\u0119gowych","lead":"","keywords":"","changes":"Dodanie og\u0142oszeia","menu":"","path":"\/nabor-pracownikow\/ogloszenie-o-naborze-na-wolne-stanowiska-pracy-specjalista-ds-ekonomiczno-ksiegowych.html","url":"\/nabor-pracownikow\/ogloszenie-o-naborze-na-wolne-stanowiska-pracy-specjalista-ds-ekonomiczno-ksiegowych.html","infoOwner":"Centrum Kszta\u0142cenia Zawodowego i Ustawicznego Wojew\u00f3dztwa \u015al\u0105skiego w Zabrzu","dateFirstPublicate":"2023-10-20 08:50:01","dateLastVersionPublicate":"2023-10-20 08:50:01","dateAvailableFrom":"","dateAvailableTo":"","type":"jednostki_Nab\u00f3r na stanowiska","pageParams":[{"id":"305","name":"jednostki_tytu\u0142 og\u0142oszenia","description":"Tytu\u0142 og\u0142oszenia","value":"Og\u0142oszenie o naborze na wolne stanowiska pracy: specjalista ds. ekonomiczno-ksi\u0119gowych"},{"id":"306","name":"jednostki_data og\u0142oszenia","description":"Data og\u0142oszenia","value":"2020-05-27"},{"id":"307","name":"jednostki_numer og\u0142oszenia","description":"Numer og\u0142oszenia","value":"1\/2020"},{"id":"308","name":"jednostki_status og\u0142oszenia","description":"Status og\u0142oszenia","value":"58751"},{"id":"310","name":"jednostki_termin sk\u0142adania (data i godzina)","description":"Termin sk\u0142adania (data i godzina)","value":"2020-06-15 14:00"},{"id":"311","name":"JEDNOSTKI_TYP_STANOWISKA","description":"Typ stanowiska","value":"58752"}],"components":[{"id":"93bb94fe-7312-11e9-90c1-000c290e6fc2","type":"SectionDescription","name":"","description":"Zajawka sekcji","content":[]},{"id":"93bbe8e3-7312-11e9-90c1-000c290e6fc2","type":"PageTitle","name":"Tytu\u0142 strony","description":"Tytu\u0142 strony","content":{"title":"Og\u0142oszenie o naborze na wolne stanowiska pracy: specjalista ds. ekonomiczno-ksi\u0119gowych"}},{"id":"93bc435c-7312-11e9-90c1-000c290e6fc2","type":"PageDescription","name":"","description":"Zajawka strony","content":[]},{"id":"93bcef8e-7312-11e9-90c1-000c290e6fc2","type":"ContentWYSIWYG","name":"Tre\u015b\u0107","description":"Tre\u015b\u0107 strony","content":{"content":"\u003Cdiv class=\u0022panel-group\u0022 id=\u0022accordion1695285031023\u0022 role=\u0022tablist\u0022 aria-multiselectable=\u0022true\u0022\u003E\n\u003Cdiv class=\u0022accordion panel panel-default\u0022\u003E\n\u003Cdiv class=\u0022accordion-item panel-heading mceNonEditable productAccordion\u0022 role=\u0022tab\u0022 id=\u0022heading1695285031023\u0022\u003E\n\u003Ch4 class=\u0022accordion-header panel-title\u0022\u003E\u003Ca role=\u0022button\u0022 data-toggle=\u0022collapse\u0022 data-bs-toggle=\u0022collapse\u0022 class=\u0022accordion-button mceEditable collapsed\u0022 data-parent=\u0022#accordion1695285031023\u0022 href=\u0022#collapse1695285031023\u0022 aria-expanded=\u0022true\u0022 aria-controls=\u0022collapse1695285031023\u0022\u003E27-05-2020r | \u003Cstrong\u003ETre\u015b\u0107 og\u0142oszenia\u003C\/strong\u003E\u003C\/a\u003E\u003C\/h4\u003E\n\u003Cdiv id=\u0022collapse1695285031023\u0022 class=\u0022accordion-collapse panel-collapse collapse mceNonEditable\u0022 role=\u0022tabpanel\u0022 aria-labelledby=\u0022heading1695285031023\u0022\u003E\n\u003Cdiv class=\u0022accordion-body panel-body mceEditable\u0022\u003E\u003Cb\u003EDyrektor Centrum Kszta\u0142cenia Zawodowego i Ustawicznego Wojew\u00f3dztwa \u015al\u0105skiego w Zabrzu\u003C\/b\u003E\u003Cbr \/\u003Ez siedzib\u0105 przy ul. 3 Maja 63\u003Cbr \/\u003E41-800\u00a0\u00a0Zabrze\u003Cbr \/\u003E \u003Cbr \/\u003E Og\u0142asza nab\u00f3r kandydat\u00f3w na wolne stanowisko\u003Cbr \/\u003E \u003Cb\u003ESpecjalista ds. ekonomiczno-ksi\u0119gowych\u003C\/b\u003E\u003Cbr \/\u003E \u003Cbr \/\u003E \u003Cb\u003ELiczba os\u00f3b do zatrudnienia:\u003C\/b\u003E 1\u003Cbr \/\u003E\u003Cbr \/\u003E \u003Cstrong\u003E1. Nazwa i adres jednostki:\u003C\/strong\u003E\n\u003Cp\u003ECentrum Kszta\u0142cenia Zawodowego i Ustawicznego Wojew\u00f3dztwa \u015al\u0105skiego w Zabrzu,\u003Cbr \/\u003E 41-800 Zabrze, ul. 3 Maja 63\u003C\/p\u003E\n\u003Cp\u003E\u003Cstrong\u003E2. Okre\u015blenie stanowiska:\u003C\/strong\u003E\u003Cbr \/\u003ESpecjalista ds. ekonomiczno-ksi\u0119gowych\u003C\/p\u003E\n\u003Cp\u003E\u003Cstrong\u003E3. Wymiar czasu pracy:\u003C\/strong\u003E\u003Cbr \/\u003E1\/2 etatu\u003C\/p\u003E\n\u003Cp\u003E\u003Cstrong\u003E4. Okre\u015blenie wymaga\u0144 zwi\u0105zanych ze stanowiskiem:\u003C\/strong\u003E\u003Cstrong\u003EWymagania niezb\u0119dne:\u003C\/strong\u003E\u003C\/p\u003E\n\u003Cul\u003E\n\u003Cli\u003Eobywatelstwo polskie,\u003C\/li\u003E\n\u003Cli\u003Ewykszta\u0142cenie minimum \u015brednie , preferowany profil ekonomiczny,\u003C\/li\u003E\n\u003Cli\u003Edo\u015bwiadczenie minimum dwa lata pracy w ksi\u0119gowo\u015bci,\u003C\/li\u003E\n\u003Cli\u003Eznajomo\u015b\u0107 przepis\u00f3w ustawy o rachunkowo\u015bci i ustawy o finansach publicznych oraz akt\u00f3w wykonawczych do tych ustaw,\u003C\/li\u003E\n\u003Cli\u003Ebieg\u0142a znajomo\u015b\u0107 obs\u0142ugi komputera w tym program\u00f3w Word, Excel,\u003C\/li\u003E\n\u003Cli\u003Ezdolno\u015b\u0107 do czynno\u015bci prawnych oraz korzystanie z pe\u0142ni praw publicznych,\u003C\/li\u003E\n\u003Cli\u003Eniekaralno\u015b\u0107 za przest\u0119pstwa \u015bcigane z oskar\u017cenia publicznego lub umy\u015blne przest\u0119pstwo skarbowe.\u003C\/li\u003E\n\u003C\/ul\u003E\n\u003Cstrong\u003EWymagania dodatkowe:\u003C\/strong\u003E\n\u003Cul\u003E\n\u003Cli\u003Ekomunikatywno\u015b\u0107 i umiej\u0119tno\u015b\u0107 pracy w zespole,\u003C\/li\u003E\n\u003Cli\u003Eodpowiedzialno\u015b\u0107, dok\u0142adno\u015b\u0107 terminowo\u015b\u0107,\u003C\/li\u003E\n\u003Cli\u003Edobra organizacja pracy,\u003C\/li\u003E\n\u003Cli\u003Edyspozycyjno\u015b\u0107.\u003C\/li\u003E\n\u003C\/ul\u003E\n\u003Cstrong\u003EZakres zada\u0144 wykonywanych\u00a0 na stanowisku:\u003C\/strong\u003E\n\u003Col\u003E\n\u003Cli\u003Eobs\u0142uga kasy szko\u0142y tj. przyjmowanie wp\u0142at pieni\u0119\u017cnych, dokonywanie wyp\u0142at, sporz\u0105dzanie raport\u00f3w kasowych, wyp\u0142acanie i rozliczanie zaliczek, sporz\u0105dzanie raport\u00f3w kasowych, pobieranie i odprowadzanie got\u00f3wki do banku,\u003C\/li\u003E\n\u003Cli\u003Esporz\u0105dzanie wykazu potr\u0105ce\u0144 miesi\u0119cznych z wynagrodze\u0144 z tyt. udzielonych po\u017cyczek,\u003C\/li\u003E\n\u003Cli\u003Esporz\u0105dzanie deklaracji i sprawozdawczo\u015bci do PFRON,\u003C\/li\u003E\n\u003Cli\u003Erozliczanie zwrot\u00f3w za bilety uczniom doje\u017cd\u017caj\u0105cym na praktyki zawodowe,\u003C\/li\u003E\n\u003Cli\u003Eprowadzenie ksi\u0119gowo\u015bci szkolnej PKZP,\u003C\/li\u003E\n\u003Cli\u003Erozliczenia stan\u00f3w magazynowych (prowadzenie kartotek magazynowych),\u003C\/li\u003E\n\u003Cli\u003Eudzia\u0142 w pracach komisji inwentaryzacyjnej.\u003C\/li\u003E\n\u003C\/ol\u003E\n\u003Cstrong\u003E5. Wymagane dokumenty:\u003C\/strong\u003E\n\u003Cul\u003E\n\u003Cli\u003Ekwestionariusz osobowy dla osoby ubiegaj\u0105cej si\u0119 o zatrudnienie,\u003C\/li\u003E\n\u003Cli\u003Ekopie dokumentu po\u015bwiadczaj\u0105cego wymagane wykszta\u0142cenie,\u003C\/li\u003E\n\u003Cli\u003Ekopie dokument\u00f3w potwierdzaj\u0105cych co najmniej 2 lata sta\u017cu pracy w ksi\u0119gowo\u015bci,\u003C\/li\u003E\n\u003Cli\u003Eo\u015bwiadczenie o pe\u0142nej zdolno\u015bci do czynno\u015bci prawnych oraz korzystania z pe\u0142ni praw publicznych,\u003C\/li\u003E\n\u003Cli\u003Eo\u015bwiadczenie o nie skazaniu prawomocnym wyrokiem s\u0105du za umy\u015blne przest\u0119pstwo \u015bcigane z oskar\u017cenia publicznego lub umy\u015blne przest\u0119pstwo skarbowe,\u003C\/li\u003E\n\u003Cli\u003Eo\u015bwiadczenie zawieraj\u0105ce zgod\u0119 na przetwarzanie danych osobowych w celu przeprowadzenia post\u0119powania konkursowego na dane stanowisko.\u003C\/li\u003E\n\u003Cli\u003E\u003Cstrong\u003Eo\u015bwiadczenia i kwestionariusz osobowy - musz\u0105 by\u0107 podpisane w\u0142asnor\u0119cznie.\u003C\/strong\u003E\u003C\/li\u003E\n\u003C\/ul\u003E\n\u003Cp\u003E\u003Cstrong\u003E6. Informacja w sprawie wska\u017anika zatrudnienia os\u00f3b niepe\u0142nosprawnych:\u003C\/strong\u003E\u003Cbr \/\u003EWska\u017anik zatrudnienia os\u00f3b niepe\u0142nosprawnych w Centrum Kszta\u0142cenia Zawodowego i Ustawicznego Wojew\u00f3dztwa \u015al\u0105skiego w Zabrzu, w rozumieniu przepis\u00f3w o rehabilitacji zawodowej i spo\u0142ecznej oraz zatrudnianiu os\u00f3b niepe\u0142nosprawnych, w miesi\u0105cu kwietniu 2020 r. wynosi\u0142 mniej ni\u017c 6%.\u003C\/p\u003E\n\u003Cstrong\u003E7. Termin i miejsce sk\u0142adania dokument\u00f3w:\u003C\/strong\u003E\n\u003Cp style=\u0022text-align: justify;\u0022\u003EWymagane dokumenty nale\u017cy sk\u0142ada\u0107 osobi\u015bcie w sekretariacie Centrum Kszta\u0142cenia Zawodowego i Ustawicznego Wojew\u00f3dztwa \u015al\u0105skiego w Zabrzu lub poczt\u0105 na adres 41-800 Zabrze, ul. 3 Maja 63, w zamkni\u0119tej kopercie opatrzonej imieniem i nazwiskiem, z dopiskiem \u201eNab\u00f3r na wolne stanowisko specjalisty ds. ekonomiczno-ksi\u0119gowych\u0022 w terminie do dnia \u003Cstrong\u003E15.06.2020\u00a0 do godziny 14.00.\u003C\/strong\u003E\u003Cbr \/\u003EDokumenty, kt\u00f3re wp\u0142yn\u0105 do CKZiUW\u015aL w Zabrzu po up\u0142ywie wy\u017cej wymienionego terminu nie b\u0119d\u0105 rozpatrywane.\u003C\/p\u003E\n\u003Cp\u003EKandydaci spe\u0142niaj\u0105cy wymagania formalne zostan\u0105 telefonicznie powiadomieni o terminie rozmowy kwalifikacyjnej.\u003Cbr \/\u003EInformacja o wynikach naboru b\u0119dzie umieszczona na stronie Biuletynu Informacji Publicznej oraz na tablicy informacyjnej w siedzibie CKZiUW\u015aL w Zabrzu.\u003C\/p\u003E\n\u003C\/div\u003E\n\u003C\/div\u003E\n\u003C\/div\u003E\n\u003C\/div\u003E\n\u003Cdiv class=\u0022accordion panel panel-default\u0022\u003E\n\u003Cdiv class=\u0022accordion-item panel-heading mceNonEditable productAccordion\u0022 role=\u0022tab\u0022 id=\u0022heading1695285031024\u0022\u003E\n\u003Ch4 class=\u0022accordion-header panel-title\u0022\u003E\u003Ca role=\u0022button\u0022 data-toggle=\u0022collapse\u0022 data-bs-toggle=\u0022collapse\u0022 class=\u0022accordion-button mceEditable collapsed\u0022 data-parent=\u0022#accordion1695285031023\u0022 href=\u0022#collapse1695285031024\u0022 aria-expanded=\u0022true\u0022 aria-controls=\u0022collapse1695285031024\u0022\u003E 16-06-2020r | \u003Cstrong\u003ELista kandydat\u00f3w spe\u0142niaj\u0105cych wymogi formalne \u003C\/strong\u003E\u003C\/a\u003E\u003C\/h4\u003E\n\u003Cdiv id=\u0022collapse1695285031024\u0022 class=\u0022accordion-collapse panel-collapse collapse mceNonEditable\u0022 role=\u0022tabpanel\u0022 aria-labelledby=\u0022heading1695285031024\u0022\u003E\n\u003Cdiv class=\u0022accordion-body panel-body mceEditable\u0022\u003E\n\u003Cp\u003EBrak kandydat\u00f3w\u003C\/p\u003E\n\u003C\/div\u003E\n\u003C\/div\u003E\n\u003C\/div\u003E\n\u003C\/div\u003E\n\u003Cdiv class=\u0022accordion panel panel-default\u0022\u003E\n\u003Cdiv class=\u0022accordion-item panel-heading mceNonEditable productAccordion\u0022 role=\u0022tab\u0022 id=\u0022heading1695285031025\u0022\u003E\n\u003Ch4 class=\u0022accordion-header panel-title\u0022\u003E\u003Ca role=\u0022button\u0022 data-toggle=\u0022collapse\u0022 data-bs-toggle=\u0022collapse\u0022 class=\u0022accordion-button mceEditable collapsed\u0022 data-parent=\u0022#accordion1695285031023\u0022 href=\u0022#collapse1695285031025\u0022 aria-expanded=\u0022true\u0022 aria-controls=\u0022collapse1695285031025\u0022\u003E 16-06-2020r | \u003Cstrong\u003EInformacja o wynikach naboru \u003C\/strong\u003E\u003C\/a\u003E\u003C\/h4\u003E\n\u003Cdiv id=\u0022collapse1695285031025\u0022 class=\u0022accordion-collapse panel-collapse collapse mceNonEditable\u0022 role=\u0022tabpanel\u0022 aria-labelledby=\u0022heading1695285031025\u0022\u003E\n\u003Cdiv class=\u0022accordion-body panel-body mceEditable\u0022\u003E\n\u003Cp\u003E\u003Cstrong\u003ECentrum Kszta\u0142cenia Zawodowego i Ustawicznego Wojew\u00f3dztwa \u015al\u0105skiego w Zabrzu \u003C\/strong\u003Einformuje,\u003C\/p\u003E\n\u003Cp\u003EW wyniku zako\u0144czenia procedury naboru nie wy\u0142oniono \u017cadnego kandydata.\u003Cbr \/\u003E\u003Cbr \/\u003EUzasadnienie:\u003Cbr \/\u003ENie rozstrzygni\u0119to naboru z powodu braku kandydatury na w\/w stanowisko.\u003C\/p\u003E\n\u003C\/div\u003E\n\u003C\/div\u003E\n\u003C\/div\u003E\n\u003C\/div\u003E\n\u003C\/div\u003E","promotion":false}},{"id":"93bd42ce-7312-11e9-90c1-000c290e6fc2","type":"Gallery","name":"Galeria","description":"Galeria"},{"id":"93bd956b-7312-11e9-90c1-000c290e6fc2","type":"Attachment","name":"Za\u0142\u0105czniki","description":"Za\u0142\u0105czniki do strony","content":[{"src":"\/resource\/57\/kwestionariusz_osobowy_dla_osoby_ub_si%25C4%2599_o_prac%25C4%2599.docx","extension":"DOCX","name":"1f61016629484f068029ca96fe7aeb8a.docx","size":"19.5 KB"}]},{"id":"d63e71ef-92cf-11f0-b976-00505697ccff","type":"PageThumbnail","name":"","description":"Miniaturka strony","content":[]}]}