{"id":23,"name":"jezyk-migowy","title":"J\u0119zyk migowy","desc":"","header":"J\u0119zyk migowy","lead":"","keywords":"","changes":"Dodanie tre\u015bci","menu":"J\u0119zyk migowy","path":"\/jezyk-migowy.html","url":"\/jezyk-migowy.html","infoOwner":"Centrum Kszta\u0142cenia Zawodowego i Ustawicznego Wojew\u00f3dztwa \u015al\u0105skiego w Zabrzu","dateFirstPublicate":"2021-08-16 07:15:56","dateLastVersionPublicate":"2024-03-25 11:45:44","dateAvailableFrom":"2024-03-25 10:00:00","dateAvailableTo":"","type":"jednostki_Zwyk\u0142a","pageParams":[],"components":[{"id":"93bb94fe-7312-11e9-90c1-000c290e6fc2","type":"SectionDescription","name":"","description":"Zajawka sekcji","content":[]},{"id":"93bbe8e3-7312-11e9-90c1-000c290e6fc2","type":"PageTitle","name":"Tytu\u0142 strony","description":"Tytu\u0142 strony","content":{"title":"J\u0119zyk migowy"}},{"id":"93bc435c-7312-11e9-90c1-000c290e6fc2","type":"PageDescription","name":"","description":"Zajawka strony","content":[]},{"id":"93bcef8e-7312-11e9-90c1-000c290e6fc2","type":"ContentWYSIWYG","name":"Tre\u015b\u0107","description":"Tre\u015b\u0107 strony","content":{"content":"\u003Cp\u003ECentrum Kszta\u0142cenia Zawodowego i Ustawicznego Wojew\u00f3dztwa \u015al\u0105skiego w Zabrzu zapewnia prawo do skorzystania z us\u0142ug t\u0142umacza j\u0119zyka migowego.\u003C\/p\u003E\n\u003Cp\u003EAby skorzysta\u0107 z us\u0142ugi, osoba uprawniona powinna zg\u0142osi\u0107 swoj\u0105 planowan\u0105 wizyt\u0119 co najmniej 3 dni robocze przed tym zdarzeniem (z wy\u0142\u0105czeniem sytuacji nag\u0142ych).\u003C\/p\u003E\n\u003Cp\u003EZg\u0142oszenie powinno zawiera\u0107:\u003C\/p\u003E\n\u003Cul\u003E\n\u003Cli style=\u0022margin-bottom: 3px;\u0022\u003Eimi\u0119 i nazwisko\u003C\/li\u003E\n\u003Cli style=\u0022margin-bottom: 3px;\u0022\u003Epropozycj\u0119 terminu\u003C\/li\u003E\n\u003Cli style=\u0022margin-bottom: 3px;\u0022\u003Ekr\u00f3tkie okre\u015blenie sprawy\u003C\/li\u003E\n\u003Cli style=\u0022margin-bottom: 3px;\u0022\u003Edane do kontaktu zwrotnego, na kt\u00f3ry zostanie nades\u0142ana informacja z potwierdzeniem spotkania.\u003C\/li\u003E\n\u003C\/ul\u003E\n\u003Cp\u003EZg\u0142oszenia mo\u017cna przes\u0142a\u0107:\u003C\/p\u003E\n\u003Cul\u003E\n\u003Cli style=\u0022margin-bottom: 3px;\u0022\u003Edrog\u0105 elektroniczn\u0105 na adres: \u003Ca href=\u0022mailto:sekretariat@medykzabrze.pl\u0022 title=\u0022sekretariat@medykzabrze.pl\u0022 target=\u0022_self\u0022\u003Esekretariat@medykzabrze.pl\u003C\/a\u003E\u003C\/li\u003E\n\u003Cli style=\u0022margin-bottom: 3px;\u0022\u003Elistownie na adres:\u003Cbr \/\u003ECentrum Kszta\u0142cenia Zawodowego i Ustawicznego Wojew\u00f3dztwa \u015al\u0105skiego w Zabrzu\u003Cbr \/\u003Eul. 3 Maja 63\u003Cbr \/\u003E41-800 Zabrze\u003C\/li\u003E\n\u003C\/ul\u003E","promotion":false}},{"id":"93bd42ce-7312-11e9-90c1-000c290e6fc2","type":"Gallery","name":"Galeria","description":"Galeria"},{"id":"93bd956b-7312-11e9-90c1-000c290e6fc2","type":"Attachment","name":"Za\u0142\u0105czniki","description":"Za\u0142\u0105czniki do strony"},{"id":"d63e71ef-92cf-11f0-b976-00505697ccff","type":"PageThumbnail","name":"","description":"Miniaturka strony","content":[]}]}